{"id":9038,"date":"2018-06-08T13:00:02","date_gmt":"2018-06-08T11:00:02","guid":{"rendered":"http:\/\/oves-geeb.eus\/?page_id=9038"},"modified":"2024-12-10T12:27:50","modified_gmt":"2024-12-10T11:27:50","slug":"politicas-publicas","status":"publish","type":"page","link":"https:\/\/oves-geeb.eus\/es\/actividades\/area-juridico-politica\/politicas-publicas\/","title":{"rendered":"Pol\u00edticas P\u00fablicas"},"content":{"rendered":"<h2>POL\u00cdTICAS P\u00daBLICAS 2024<\/h2>\n<div id=\"resultadoBusqueda\" class=\"Apartado Treintaycinco\">\n<ul>\n<li id=\"parrafo1\">ORDEN de 19 de junio de 2024, del Consejero de Turismo, Comercio y Consumo, por la que se aprueban las bases para la convocatoria de ayudas para la Formaci\u00f3n en la Econom\u00eda Social, y se efect\u00faa su convocatoria para el a\u00f1o 2024.\u00a0<a href=\"https:\/\/www.euskadi.eus\/p43aBOPVWebWar\/realizarBusquedaAvanzada.do?submit=cargar#\">2024\/03176<\/a><\/li>\n<li>ORDEN de 19 de junio de 2024, del Consejero de Turismo, Comercio y Consumo, por la que se aprueban las bases para la convocatoria de ayudas para la incorporaci\u00f3n de personas socias a empresas de Econom\u00eda Social, y se efect\u00faa su convocatoria para el a\u00f1o 2024.\u00a0<a href=\"https:\/\/www.euskadi.eus\/p43aBOPVWebWar\/realizarBusquedaAvanzada.do?submit=cargar#\">2024\/03087<\/a><\/li>\n<li id=\"parrafo3\">ORDEN de 19 de junio de 2024, del Consejero de Turismo, Comercio y Consumo, por la que se aprueban las bases para la convocatoria de ayudas para la asistencia t\u00e9cnica en las Empresas de Econom\u00eda Social de Euskadi, y se efect\u00faa su convocatoria para el a\u00f1o 2024.\u00a0<a href=\"https:\/\/www.euskadi.eus\/p43aBOPVWebWar\/realizarBusquedaAvanzada.do?submit=cargar#\">2024\/03086<\/a><\/li>\n<li id=\"parrafo4\">ORDEN de 26 de febrero de 2024, de la Vicelehendakari Segunda y Consejera de Trabajo y Empleo, por la que se declara desierta la convocatoria p\u00fablica para la provisi\u00f3n, por el sistema de libre designaci\u00f3n, del puesto de trabajo \u00abSecretario\/a de Alto Cargo\u00bb de la Direcci\u00f3n de Econom\u00eda Social.\u00a0<a href=\"https:\/\/www.euskadi.eus\/p43aBOPVWebWar\/realizarBusquedaAvanzada.do?submit=cargar#\">2024\/01092<\/a><\/li>\n<li id=\"parrafo5\">RESOLUCI\u00d3N de 30 de enero de 2024, del Director de Econom\u00eda Social, por la que se hace p\u00fablica la relaci\u00f3n de empresas y entidades beneficiarias de las ayudas previstas en la Orden de 27 de julio de 2023, de la Vicelehendakari Segunda y Consejera de Trabajo y Empleo, por la que se convocan y regulan las ayudas para Emprender en Econom\u00eda Social.\u00a0<a href=\"https:\/\/www.euskadi.eus\/p43aBOPVWebWar\/realizarBusquedaAvanzada.do?submit=cargar#\">2024\/00831<\/a><\/li>\n<li id=\"parrafo6\">RESOLUCI\u00d3N de 30 de enero de 2024, del Director de Econom\u00eda Social, por la que se hace p\u00fablica la relaci\u00f3n de entidades y empresas beneficiarias de las ayudas previstas en la Orden de 14 de junio de 2023, de la Vicelehendakari Segunda y Consejera de Trabajo y Empleo, por la que se aprueban las bases para la convocatoria de ayudas para la Formaci\u00f3n en la Econom\u00eda Social, y se efect\u00faa su convocatoria para el a\u00f1o 2023.\u00a0<a href=\"https:\/\/www.euskadi.eus\/p43aBOPVWebWar\/realizarBusquedaAvanzada.do?submit=cargar#\">2024\/00747<\/a><\/li>\n<li id=\"parrafo7\">RESOLUCI\u00d3N de 30 de enero de 2024, del Director de Econom\u00eda Social, por la que se hace p\u00fablica la relaci\u00f3n de empresas y entidades beneficiarias de las ayudas previstas en la Orden de 10 de mayo de 2023, de la Vicelehendakari Segunda y Consejera de Trabajo y Empleo, por la que se aprueban las bases para la convocatoria de ayudas para intercooperaci\u00f3n empresarial en la Econom\u00eda Social, y se efect\u00faa su convocatoria para el a\u00f1o 2023.\u00a0<a href=\"https:\/\/www.euskadi.eus\/p43aBOPVWebWar\/realizarBusquedaAvanzada.do?submit=cargar#\">2024\/00746<\/a><\/li>\n<li id=\"parrafo8\">ORDEN de 22 de enero 2024, de la Vicelehendakari Segunda y Consejera de Trabajo y Empleo, por la que se anuncia convocatoria p\u00fablica para la provisi\u00f3n, por el sistema de libre designaci\u00f3n, del puesto de trabajo \u00abSecretario\/a de Alto Cargo\u00bb, c\u00f3digo 520010, dotaci\u00f3n 31, de la Direcci\u00f3n de Econom\u00eda Social del Departamento de Trabajo y Empleo de Vitoria-Gasteiz.\u00a0<a href=\"https:\/\/www.euskadi.eus\/p43aBOPVWebWar\/realizarBusquedaAvanzada.do?submit=cargar#\">2024\/00477<\/a><\/li>\n<li id=\"parrafo9\">RESOLUCI\u00d3N de 8 de enero de 2024, del Director de Econom\u00eda Social, por la que se hace p\u00fablica la relaci\u00f3n de entidades beneficiarias de las ayudas previstas en la Orden de 10 de mayo de 2023, de la Vicelehendakari Segunda y Consejera de Trabajo y Empleo, por la que se aprueban las bases para la convocatoria de ayudas para la participaci\u00f3n de personas trabajadoras en empresas, y se efect\u00faa su convocatoria para el a\u00f1o 2023.\u00a0<a href=\"https:\/\/www.euskadi.eus\/p43aBOPVWebWar\/realizarBusquedaAvanzada.do?submit=cargar#\">2024\/00368<\/a><\/li>\n<li id=\"parrafo10\">RESOLUCI\u00d3N de 8 de enero de 2024, del Director de Econom\u00eda Social, por la que se hace p\u00fablica la relaci\u00f3n de entidades beneficiarias de las ayudas previstas en la Orden de 24 de mayo de 2023, de la Vicelehendakari Segunda y Consejera de Trabajo y Empleo, por la que se aprueban las bases para la convocatoria de ayudas para la difusi\u00f3n e implantaci\u00f3n de la Responsabilidad Social Empresarial en las empresas de la Comunidad Aut\u00f3noma del Pa\u00eds Vasco, y se efect\u00faa su convocatoria para el a\u00f1o 2023.\u00a0<a href=\"https:\/\/www.euskadi.eus\/p43aBOPVWebWar\/realizarBusquedaAvanzada.do?submit=cargar#\">2024\/0036<\/a><\/li>\n<\/ul>\n<\/div>\n<h2>POL\u00cdTICAS P\u00daBLICAS 2023<\/h2>\n<ul>\n<li><a href=\"https:\/\/www.boe.es\/boe\/dias\/2023\/07\/20\/pdfs\/BOE-A-2023-16797.pdf\">Orden DSA\/819\/2023, de 11 de julio, por la que se establecen las bases reguladoras para la concesi\u00f3n de los\u00a0<strong>Premios\u00a0<\/strong>Activistas por el futuro: una Espa\u00f1a mejor con la Agenda 2030 para el reconocimiento de actuaciones y buenas pr\u00e1cticas para la aplicaci\u00f3n de la Agenda 2030.\u00a0<strong><em>Entidades de la Econom\u00eda Social<\/em><\/strong>.<\/a><\/li>\n<li><a href=\"https:\/\/www.boe.es\/boe\/dias\/2023\/07\/26\/pdfs\/BOE-A-2023-17240.pdf\">Orden TES\/869\/2023, de 22 de julio, por la que se establecen las bases reguladoras de las\u00a0<strong>ayudas\u00a0<\/strong>para el\u00a0<strong>Plan Integral de Impulso a la Econom\u00eda Social<\/strong>\u00a0para la Generaci\u00f3n de un Tejido Econ\u00f3mico, Inclusivo y Sostenible, en el marco del Plan de Recuperaci\u00f3n, Transformaci\u00f3n y Resiliencia.<\/a><\/li>\n<li><a href=\"https:\/\/www.euskadi.eus\/web01-bopv\/es\/bopv2\/datos\/2023\/06\/2303071a.pdf\">Resoluci\u00f3n de 21 de junio de 2023, de la Directora General de Lanbide-Servicio Vasco de Empleo, por la que se procede a la publicaci\u00f3n de la convocatoria, para el a\u00f1o 2023, de las ayudas destinadas a las actuaciones de Empleo con Apoyo, previstas en el Decreto 168\/2019, de 29 de octubre, por el que se regulan los programas y servicios relacionados con la empleabilidad de las personas con discapacidad de la Comunidad Aut\u00f3noma de Euskadi y el Registro Vasco de centros especiales de empleo.<\/a><\/li>\n<li><a href=\"https:\/\/www.euskadi.eus\/web01-bopv\/es\/bopv2\/datos\/2023\/06\/2302980a.pdf\">Orden de 14 de junio de 2023, de la Vicelehendakari Segunda y Consejera de Trabajo y Empleo, por la que se aprueban las bases para la convocatoria de\u00a0<strong>ayudas\u00a0<\/strong>para la Formaci\u00f3n en la\u00a0<strong>Econom\u00eda Social<\/strong>, y se efect\u00faa su convocatoria para el a\u00f1o 2023.<\/a><\/li>\n<li><a href=\"https:\/\/www.euskadi.eus\/web01-bopv\/es\/bopv2\/datos\/2023\/06\/2302915a.pdf\">Orden de 14 de junio de 2023, de la Vicelehendakari Segunda y Consejera de Trabajo y Empleo, por la que se aprueban las bases para la convocatoria de\u00a0<strong>ayudas\u00a0<\/strong>para la asistencia t\u00e9cnica en las\u00a0<strong>Empresas de Econom\u00eda Social<\/strong>\u00a0de Euskadi, y se efect\u00faa su convocatoria para el a\u00f1o 2023.<\/a><\/li>\n<li><a href=\"https:\/\/boe.es\/diario_boe\/txt.php?id=BOE-A-2023-13033\">Resoluci\u00f3n de 17 de mayo de 2023, de la Secretar\u00eda de Estado de Empleo y Econom\u00eda Social, por la que se publica el Acuerdo del Consejo de Ministros de 11 de abril de 2023, por el que se aprueba la Estrategia Espa\u00f1ola de Econom\u00eda Social 2023-2027<\/a><\/li>\n<li><a href=\"https:\/\/www.boe.es\/boe\/dias\/2023\/04\/27\/pdfs\/BOE-B-2023-12401.pdf\">Extracto de la Resoluci\u00f3n de 20 de abril de 2023, de la Direcci\u00f3n General del Trabajo Aut\u00f3nomo, de la Econom\u00eda Social y de la Responsabilidad Social de las Empresas, por la que se aprueba la convocatoria para la concesi\u00f3n de\u00a0<strong>subvenciones\u00a0<\/strong>a las actividades de promoci\u00f3n del trabajo aut\u00f3nomo, de la\u00a0<strong>econom\u00eda social<\/strong>\u00a0y de la responsabilidad social de las empresas y para sufragar los gastos de funcionamiento, para el a\u00f1o 2023.<\/a><\/li>\n<li><a href=\"https:\/\/www.euskadi.eus\/y22-bopv\/es\/bopv2\/datos\/2023\/03\/2301328a.pdf\">Resoluci\u00f3n de 8 de marzo de 2023, de la Directora General de Lanbide-Servicio Vasco de Empleo, por la que se procede a la publicaci\u00f3n del Acuerdo del Consejo de Administraci\u00f3n de Lanbide-Servicio Vasco de Empleo, por el que se asignan recursos econ\u00f3micos destinados a la financiaci\u00f3n, en el a\u00f1o 2023, de las\u00a0<strong>ayudas\u00a0<\/strong>destinadas al mantenimiento de puestos de trabajo de personas con discapacidad en\u00a0<strong>centros especiales de empleo<\/strong>\u00a0previstas en el Decreto 168\/2019, de 29 de octubre, por el que se regulan los programas y servicios relacionados con la empleabilidad de las personas con discapacidad de la Comunidad Aut\u00f3noma de Euskadi y el Registro Vasco de centros especiales de empleo.<\/a><\/li>\n<li><a href=\"https:\/\/www.euskadi.eus\/y22-bopv\/es\/bopv2\/datos\/2023\/02\/2301084a.pdf\">Resoluci\u00f3n de 17 de febrero de 2023, del Secretario General de la Presidencia, por la que se convoca a entidades p\u00fablicas y privadas sin \u00e1nimo de lucro de la Comunidad Aut\u00f3noma de Euskadi, para la presentaci\u00f3n de proyectos para el programa \u00abAuzolandegiak\u00bb de\u00a0<strong>Campos de Voluntariado<\/strong>\u00a0Juvenil de la Administraci\u00f3n de la Comunidad Aut\u00f3noma de Euskadi en 2023.\u00a0<strong><em>Entidades sin \u00e1nimo de lucro<\/em><\/strong>.<\/a><\/li>\n<li><a href=\"https:\/\/www.boe.es\/boe\/dias\/2023\/02\/22\/pdfs\/BOE-A-2023-4796.pdf\">Resoluci\u00f3n de 11 de febrero de 2023, de la Direcci\u00f3n General de Trabajo, por la que se registra y publica el Acuerdo parcial del XXII Convenio colectivo de las\u00a0<strong>sociedades cooperativas de cr\u00e9dito<\/strong>.<\/a><\/li>\n<li><a href=\"https:\/\/www.euskadi.eus\/y22-bopv\/es\/bopv2\/datos\/2023\/01\/2300410a.pdf\">Orden de 18 de enero de 2023, de la Consejera de Igualdad, Justicia y Pol\u00edticas Sociales, por la que efect\u00faa para el a\u00f1o 2023 la convocatoria prevista en el Decreto 271\/2012, de 4 de diciembre, por el que se regulan las\u00a0<strong>subvenciones\u00a0<\/strong>para el fomento de actividades del\u00a0<strong>tercer sector<\/strong>\u00a0en el \u00e1mbito de la intervenci\u00f3n social en el Pa\u00eds Vasco.<\/a><\/li>\n<li><a href=\"https:\/\/www.boe.es\/boe\/dias\/2023\/01\/17\/pdfs\/BOE-B-2023-1430.pdf\">Extracto de la Resoluci\u00f3n 9 de enero de 2023 de la Direcci\u00f3n de la Fundaci\u00f3n Biodiversidad, F.S.P., por la que se aprueba la publicaci\u00f3n de la convocatoria de\u00a0<strong>subvenciones\u00a0<\/strong>en r\u00e9gimen de concurrencia competitiva para la realizaci\u00f3n de proyectos que contribuyan a implementar el Plan Nacional de Adaptaci\u00f3n al Cambio Clim\u00e1tico 2021- 2030 en el ejercicio 2023.\u00a0<strong><em>Entidades sin \u00e1nimo de lucro<\/em><\/strong>.<\/a><\/li>\n<\/ul>\n<h2><\/h2>\n<h2>POL\u00cdTICAS P\u00daBLICAS 2022<\/h2>\n<ul>\n<li>\n<p class=\"Standard\"><a href=\"https:\/\/www.boe.es\/diario_boe\/txt.php?id=BOE-A-2022-17635\"><span lang=\"EU\">Orden TED\/1021\/2022, de 25 de octubre, por la que se aprueban las bases reguladoras para la concesi\u00f3n de\u00a0<b>ayudas\u00a0<\/b>a Oficinas de Transformaci\u00f3n Comunitaria para la promoci\u00f3n y dinamizaci\u00f3n de\u00a0<b>comunidades energ\u00e9ticas<\/b>\u00a0(Programa CE Oficinas), en el marco del Plan de Recuperaci\u00f3n, Transformaci\u00f3n y Resiliencia.<\/span><\/a><\/p>\n<\/li>\n<li>\n<p class=\"Standard\"><a href=\"https:\/\/www.legegunea.euskadi.eus\/orden\/orden-28-septiembre-2022-vicelehendakari-segunda-y-consejera-trabajo-y-empleo-que-se-aprueban-bases-convocatoria-ayudas-emprender-economia-social-y-se-efectua-su-convocatoria-ano-2022\/webleg00-contfich\/es\/\"><span lang=\"EU\">Orden de 28 de septiembre de 2022, de la Vicelehendakari Segunda y Consejera de Trabajo y Empleo, por la que se aprueban las bases para la convocatoria de\u00a0<b>ayudas\u00a0<\/b>para Emprender en\u00a0<b>Econom\u00eda Social<\/b>, y se efect\u00faa su convocatoria para el a\u00f1o 2022.<\/span><\/a><\/p>\n<\/li>\n<li>\n<p class=\"Standard\"><a href=\"https:\/\/www.boe.es\/diario_boe\/txt.php?id=BOE-B-2022-26236\"><span lang=\"EU\">Extracto de la Resoluci\u00f3n de 12 de agosto de 2022, del Ministerio del Interior, por la que se convoca la\u00a0<b>subvenci\u00f3n\u00a0<\/b>para la colaboraci\u00f3n en la ejecuci\u00f3n y seguimiento de las medidas alternativas a la pena privativa de libertad y determinados programas de atenci\u00f3n social.\u00a0<b><i>Asociaciones y Fundaciones<\/i><\/b>.<\/span><\/a><\/p>\n<\/li>\n<li>\n<p class=\"Standard\"><a href=\"https:\/\/www.boe.es\/buscar\/doc.php?id=BOE-A-2022-14678\"><span lang=\"EU\">Orden DSA\/857\/2022, de 26 de agosto, por la que se establecen las bases reguladoras para la concesi\u00f3n de los\u00a0<b>Premios Estatales al Voluntariado<\/b>.<\/span><\/a><\/p>\n<\/li>\n<li><a href=\"https:\/\/www.legegunea.euskadi.eus\/orden\/orden-14-septiembre-2022-vicelehendakari-segunda-y-consejera-trabajo-y-empleo-que-se-aprueban-bases-convocatoria-ayudas-intercooperacion-empresarial-economia-social-y-se-efectua-su-convocatoria-\/ano-2022\/webleg00-contfich\/es\/\">Orden de 14 de septiembre de 2022, de la Vicelehendakari Segunda y Consejera de Trabajo y Empleo, por la que se aprueban las bases para la convocatoria de\u00a0<b style=\"font-size: revert; color: initial;\">ayudas\u00a0<\/b><span style=\"font-size: revert; color: initial;\">para la intercooperaci\u00f3n empresarial en la\u00a0<\/span><b style=\"font-size: revert; color: initial;\">Econom\u00eda Social<\/b><span style=\"font-size: revert; color: initial;\">, y se efect\u00faa su convocatoria para el a\u00f1o 2022.<\/span><\/a><\/li>\n<li>\n<p class=\"Standard\"><a href=\"https:\/\/www.boe.es\/diario_boe\/txt.php?id=BOE-B-2022-26106\"><span lang=\"EU\">Extracto de la Resoluci\u00f3n de 23 de agosto de 2022 de la Direcci\u00f3n de la Fundaci\u00f3n Biodiversidad, F.S.P., por la que se aprueba la publicaci\u00f3n de la convocatoria de\u00a0<b>ayudas<\/b>, en r\u00e9gimen de concurrencia competitiva, a determinadas organizaciones no gubernamentales para la participaci\u00f3n en la definici\u00f3n, propuesta y ejecuci\u00f3n de pol\u00edticas p\u00fablicas de competencia estatal.\u00a0<b><i>Entidades sin \u00e1nimo de lucro<\/i><\/b>.<\/span><\/a><\/p>\n<\/li>\n<li>\n<p class=\"Standard\"><a href=\"https:\/\/www.legegunea.euskadi.eus\/orden\/orden-26-julio-2022-vicelehendakari-segunda-y-consejera-trabajo-y-empleo-que-se-aprueban-bases-convocatoria-ayudas-incorporacion-personas-socias-empresas-economia-social-y-se-efectua-\/su-convocatoria-ano-2022\/webleg00-contfich\/es\/\"><span lang=\"EU\">Orden de 26 de julio de 2022, de la Vicelehendakari Segunda y Consejera de Trabajo y Empleo, por la que se aprueban las bases para la convocatoria de\u00a0<b>ayudas\u00a0<\/b>para la incorporaci\u00f3n de personas socias a\u00a0<b>empresas de econom\u00eda social<\/b>, y se efect\u00faa su convocatoria para el a\u00f1o 2022.<\/span><\/a><\/p>\n<\/li>\n<li><a href=\"https:\/\/www.legegunea.euskadi.eus\/orden\/orden-26-julio-2022-vicelehendakari-segunda-y-consejera-trabajo-y-empleo-que-se-aprueban-bases-convocatoria-ayudas-consolidacion-estructuras-asociativas-empresas-y-entidades-economia-\/social-comunidad-autonoma-euskadi-y-se-efectua-su-convocatoria-ano-2022\/webleg00-contfich\/es\/\">Orden de 26 de julio de 2022, de la Vicelehendakari Segunda y Consejera de Trabajo y Empleo, por la que se aprueban las bases para la convocatoria de\u00a0<strong>ayudas\u00a0<\/strong>para la consolidaci\u00f3n de estructuras asociativas de las<strong>\u00a0empresas y entidades de econom\u00eda social<\/strong>\u00a0de la Comunidad Aut\u00f3noma de Euskadi, y se efect\u00faa su convocatoria para el a\u00f1o 2022.<\/a><\/li>\n<li>\n<p class=\"Standard\"><a href=\"https:\/\/www.legegunea.euskadi.eus\/orden\/orden-26-julio-2022-vicelehendakari-segunda-y-consejera-trabajo-y-empleo-que-se-aprueban-bases-convocatoria-ayudas-participacion-personas-trabajadoras-empresas-y-se-efectua-su-convocatoria-\/ano-2022\/webleg00-contfich\/es\/\"><span lang=\"EU\">Orden de 26 de julio de 2022, de la Vicelehendakari Segunda y Consejera de Trabajo y Empleo, por la que se aprueban las bases para la convocatoria de\u00a0<b>ayudas\u00a0<\/b>para la participaci\u00f3n de personas trabajadoras en empresas, y se efect\u00faa su convocatoria para el a\u00f1o 2022.\u00a0<b><i>Empresas de econom\u00eda social<\/i><\/b>.<\/span><\/a><\/p>\n<\/li>\n<li>\n<p class=\"Standard\"><a href=\"https:\/\/www.boe.es\/buscar\/doc.php?id=BOE-B-2022-21985\"><span lang=\"EU\">Extracto de la Resoluci\u00f3n de 1 de julio de 2022 de la Direcci\u00f3n del Instituto de las Mujeres, por la que se convoca la concesi\u00f3n de\u00a0<b>subvenciones\u00a0<\/b>destinadas a apoyar al\u00a0<b>movimiento asociativo y fundacional<\/b>\u00a0de \u00e1mbito estatal 2022.<\/span><\/a><\/p>\n<\/li>\n<li>\n<p class=\"Standard\"><a href=\"https:\/\/www.legegunea.euskadi.eus\/orden\/orden-20-julio-2022-vicelehendakari-segunda-y-consejera-trabajo-y-empleo-que-se-aprueban-bases-convocatoria-ayudas-formacion-economia-social-y-se-efectua-su-convocatoria-ano-2022\/webleg00-contfich\/es\/\"><span lang=\"EU\">Orden de 20 de julio de 2022, de la Vicelehendakari Segunda y Consejera de Trabajo y Empleo, por la que se aprueban las bases para la convocatoria de\u00a0<b>ayudas\u00a0<\/b>para la Formaci\u00f3n en la\u00a0<b>Econom\u00eda Social<\/b>, y se efect\u00faa su convocatoria para el a\u00f1o 2022.<\/span><\/a><\/p>\n<\/li>\n<li>\n<p class=\"Standard\"><a href=\"https:\/\/www.legegunea.euskadi.eus\/orden\/orden-20-julio-2022-vicelehendakari-segunda-y-consejera-trabajo-y-empleo-que-se-aprueban-bases-convocatoria-ayudas-asistencia-tecnica-empresas-economia-social-euskadi-y-se-efectua-\/su-convocatoria-ano-2022\/webleg00-contfich\/es\/\"><span lang=\"EU\">Orden de 20 de julio de 2022, de la Vicelehendakari Segunda y Consejera de Trabajo y Empleo, por la que se aprueban las bases para la convocatoria de\u00a0<b>ayudas\u00a0<\/b>para la asistencia t\u00e9cnica en las\u00a0<b>Empresas de Econom\u00eda Social\u00a0<\/b>de Euskadi, y se efect\u00faa su convocatoria para el a\u00f1o 2022.<\/span><\/a><\/p>\n<\/li>\n<li><a href=\"https:\/\/www.legegunea.euskadi.eus\/eli\/es-pv\/res\/2022\/05\/13\/(4)\/dof\/spa\/html\/webleg00-contfich\/es\/\">Resoluci\u00f3n de 13 de mayo de 2022, de la Directora General de Lanbide-Servicio Vasco de Empleo, por la que se procede a la publicaci\u00f3n de la convocatoria, para el a\u00f1o 2022, de las\u00a0<strong>ayudas\u00a0<\/strong>a la inversi\u00f3n generadora de empleo estable para personas trabajadoras con discapacidad en los\u00a0<strong>centros especiales de empleo<\/strong>, previstas en el Decreto 168\/2019, de 29 de octubre, por el que se regulan los programas y servicios relacionados con la empleabilidad de las personas con discapacidad de la Comunidad Aut\u00f3noma de Euskadi y el Registro Vasco de centros especiales de empleo.<\/a><\/li>\n<li><a href=\"https:\/\/www.legegunea.euskadi.eus\/eli\/es-pv\/o\/2022\/03\/30\/(6)\/dof\/spa\/html\/webleg00-contfich\/es\/\">Orden de 30 de marzo de 2022, de la Consejera de Igualdad, Justicia y Pol\u00edticas Sociales, por la que se efect\u00faa, para el a\u00f1o 2022, la convocatoria prevista en el Decreto 271\/2012, de 4 de diciembre, por el que se regulan las\u00a0<strong>subvenciones\u00a0<\/strong>para el fomento de actividades del\u00a0<strong>tercer sector<\/strong>\u00a0en el \u00e1mbito de la\u00a0<strong>intervenci\u00f3n social<\/strong>\u00a0en el Pa\u00eds Vasco.<\/a><\/li>\n<li><a href=\"https:\/\/www.legegunea.euskadi.eus\/eli\/es-pv\/res\/2022\/03\/23\/(7)\/dof\/spa\/html\/webleg00-contfich\/es\/\">Resoluci\u00f3n de 23 de marzo de 2022, de la Directora General de Lanbide-Servicio Vasco de Empleo, por la que se procede a la publicaci\u00f3n de la convocatoria, para el a\u00f1o 2022, de las\u00a0<strong>ayudas\u00a0<\/strong>destinadas a la financiaci\u00f3n de las Unidades de Apoyo a la Actividad Profesional de los\u00a0<strong>centros especiales de empleo<\/strong>, previstas en el Decreto 168\/2019, de 29 de octubre, por el que se regulan los programas y servicios relacionados con la empleabilidad de las\u00a0<strong>personas con discapacidad<\/strong>\u00a0de la Comunidad Aut\u00f3noma de Euskadi y el Registro Vasco de centros especiales de empleo.<\/a><\/li>\n<li><a href=\"https:\/\/www.legegunea.euskadi.eus\/eli\/es-pv\/o\/2022\/02\/15\/(2)\/dof\/spa\/html\/webleg00-contfich\/es\/\">Orden de 15 de febrero de 2022, de la Vicelehendakari Segunda y Consejera de Trabajo y Empleo, por la que se convoca y regula, para el a\u00f1o 2022, la concesi\u00f3n de\u00a0<strong>subvenciones\u00a0<\/strong>dirigidas a entidades entre cuyos fines figure el\u00a0<strong>promover el emprendimiento de las mujeres<\/strong>\u00a0y la incorporaci\u00f3n de talento femenino en los \u00f3rganos de direcci\u00f3n de las empresas y organizaciones.\u00a0<strong><em>Asociaciones<\/em><\/strong>.<\/a><\/li>\n<li><a href=\"https:\/\/www.boe.es\/diario_boe\/txt.php?id=BOE-B-2022-16612\">Extracto de la Orden de 20 de mayo de 2022, por la que se convoca para el a\u00f1o 2022 la concesi\u00f3n de\u00a0<strong>subvenciones<\/strong>\u00a0a\u00a0entidades del Tercer Sector\u00a0u Organizaciones No Gubernamentales que desarrollen actividades de inter\u00e9s general consideradas de\u00a0inter\u00e9s social\u00a0en materia de investigaci\u00f3n cient\u00edfica y t\u00e9cnica de car\u00e1cter medioambiental.<\/a><\/li>\n<li><a href=\"https:\/\/www.boe.es\/diario_boe\/txt.php?id=BOE-B-2022-13816\">Extracto de la Orden de 22 de abril de 2022, por la que se convocan\u00a0<strong>Subvenciones<\/strong>\u00a0para la financiaci\u00f3n de proyectos promovidos por\u00a0entidades sin \u00e1nimo de lucro, para incentivar y desarrollar la\u00a0participaci\u00f3n social\u00a0en proyectos que tengan como objetivo la transformaci\u00f3n territorial, durante el ejercicio de 2022.<\/a><\/li>\n<li><a href=\"https:\/\/www.boe.es\/diario_boe\/txt.php?id=BOE-B-2022-12245\">Extracto de la Resoluci\u00f3n de 6 de abril de 2022, de la Direcci\u00f3n General del Trabajo Aut\u00f3nomo, de la Econom\u00eda Social y de la Responsabilidad Social de las Empresas, por la que se aprueba la convocatoria para la concesi\u00f3n de\u00a0<strong>subvenciones\u00a0<\/strong>a las actividades de\u00a0<strong>promoci\u00f3n del trabajo aut\u00f3nomo<\/strong>, de la\u00a0<strong>econom\u00eda social<\/strong>\u00a0y de la\u00a0<strong>responsabilidad social<\/strong>\u00a0de las empresas y para sufragar los gastos de funcionamiento, para el a\u00f1o 2022.<\/a><\/li>\n<li><a href=\"https:\/\/www.boe.es\/diario_boe\/txt.php?id=BOE-A-2022-4559\">Orden EFP\/217\/2022, de 17 de marzo, por la que se establecen las bases reguladoras de la l\u00ednea de\u00a0<strong>ayudas\u00a0<\/strong>para la formaci\u00f3n de cualificaci\u00f3n y recualificaci\u00f3n de la poblaci\u00f3n activa, vinculada prioritariamente a cualificaciones profesionales en sectores estrat\u00e9gicos y mejora de las capacidades para la transici\u00f3n ecol\u00f3gica, destinada a empresas, asociaciones empresariales y\u00a0<strong>entidades sin \u00e1nimo de lucro<\/strong>, y se procede a su convocatoria en el a\u00f1o 2022, en el marco del Plan de Recuperaci\u00f3n, Transformaci\u00f3n y Resiliencia.<\/a><\/li>\n<li><a href=\"https:\/\/www.boe.es\/diario_boe\/txt.php?id=BOE-A-2022-4142\">Resoluci\u00f3n de 10 de marzo de 2022, de la Secretar\u00eda General de Financiaci\u00f3n Auton\u00f3mica y Local, por la que se habilita el sistema para la solicitud electr\u00f3nica de las compensaciones por la p\u00e9rdida de recaudaci\u00f3n derivada de los beneficios fiscales en los tributos locales establecidos en la Ley 20\/1990, de 19 de diciembre, sobre<strong>\u00a0R\u00e9gimen Fiscal de las Cooperativas<\/strong>.<\/a><\/li>\n<li><a href=\"https:\/\/www.boe.es\/buscar\/doc.php?id=BOE-B-2022-7349\">Extracto de la Orden de 7 de marzo de 2022, por la que se convoca para el a\u00f1o 2022 la concesi\u00f3n de\u00a0<strong>subvenciones\u00a0<\/strong>a\u00a0<strong>entidades asociativas<\/strong>\u00a0representativas del sector agrario y alimentario por el desarrollo de actividades de colaboraci\u00f3n y representaci\u00f3n ante la Administraci\u00f3n General del Estado y la Uni\u00f3n Europea, as\u00ed como para la realizaci\u00f3n de Actividades Espec\u00edficas de especial inter\u00e9s para el sector agroalimentario espa\u00f1ol.<\/a><\/li>\n<\/ul>\n<h2><\/h2>\n<h2>POL\u00cdTICAS P\u00daBLICAS 2021<\/h2>\n<ul>\n<li><a href=\"https:\/\/www.euskadi.eus\/y22-bopv\/es\/p43aBOPVWebWar\/VerParalelo.do?cs2021000115\">ORDEN de 29 de junio de 2021, de la vicelehendakari segunda y Consejera de Trabajo y Empleo, por la que se convocan y regulan ayudas para la Formaci\u00f3n en la Econom\u00eda Social<\/a><\/li>\n<li><a href=\"https:\/\/www.euskadi.eus\/bopv2\/datos\/2021\/06\/2103191a.pdf\">ORDEN de 29 de junio de 2021, de la Vicelehendakari Segunda y Consejera de Trabajo y Empleo, por la que se convocan y regulan ayudas para la difusi\u00f3n e implantaci\u00f3n de la Responsabilidad Social Empresarial en las empresas de la Comunidad Aut\u00f3noma del Pa\u00eds Vasco.<\/a><\/li>\n<li><a href=\"https:\/\/www.euskadi.eus\/y22-bopv\/es\/bopv2\/datos\/2021\/04\/2102401a.pdf\">ORDEN de 13 de abril de 2021, de la Consejera de Igualdad, Justicia y Pol\u00edticas Sociales, por la que efect\u00faa, para el a\u00f1o 2021, la convocatoria prevista en el Decreto 271\/2012, de 4 de diciembre, por el que se regulan las\u00a0<strong>subvenciones\u00a0<\/strong>para el fomento de actividades del\u00a0<strong>tercer sector<\/strong>\u00a0en el \u00e1mbito de la\u00a0<strong>intervenci\u00f3n social<\/strong>\u00a0en el Pa\u00eds Vasco.<\/a><\/li>\n<li><a href=\"https:\/\/www.euskadi.eus\/y22-bopv\/es\/bopv2\/datos\/2021\/04\/2102069a.pdf\">Resoluci\u00f3n de 24 de marzo de 2021, de la Directora General de Lanbide-Servicio Vasco de Empleo, por la que se procede a la publicaci\u00f3n de la convocatoria, para el a\u00f1o 2021, de las\u00a0<strong>ayudas\u00a0<\/strong>destinadas a la financiaci\u00f3n de las Unidades de Apoyo a la Actividad Profesional de los\u00a0<strong>centros especiales de empleo<\/strong>, previstas en el Decreto 168\/2019, de 29 de octubre, por el que se regulan los programas y servicios relacionados con la empleabilidad de las personas con discapacidad de la Comunidad Aut\u00f3noma de Euskadi y el\u00a0<strong>Registro Vasco de centros especiales de empleo<\/strong>.<\/a><\/li>\n<li><a href=\"https:\/\/www.boe.es\/boe\/dias\/2021\/04\/29\/pdfs\/BOE-B-2021-20926.pdf\">Resoluci\u00f3n de 15 de abril de 2021 de la Direcci\u00f3n General de ENAIRE por la que se convocan\u00a0<strong>subvenciones\u00a0<\/strong>en 2021 destinadas al desarrollo de actividades de inserci\u00f3n laboral y de creaci\u00f3n de empleo de personas con\u00a0<strong>discapacidad<\/strong>.<strong><em>\u00a0Fundaciones y Asociaciones de Utilidad P\u00fablica<\/em><\/strong>.<\/a><\/li>\n<li><a href=\"https:\/\/www.boe.es\/boe\/dias\/2021\/03\/26\/pdfs\/BOE-B-2021-14765.pdf\">Extracto de la Orden de 18 de marzo de 2021 por la que se convoca para el a\u00f1o 2021 la concesi\u00f3n de<strong>\u00a0subvenciones a entidades asociativas<\/strong>\u00a0representativas del\u00a0<strong>sector agrario y alimentario<\/strong>\u00a0por el desarrollo de actividades de colaboraci\u00f3n y representaci\u00f3n ante la Administraci\u00f3n General del Estado y la Uni\u00f3n Europea, as\u00ed como para la realizaci\u00f3n de Actividades Espec\u00edficas de especial inter\u00e9s para el sector agroalimentario espa\u00f1ol.<\/a><\/li>\n<\/ul>\n<h2><\/h2>\n<h2>POL\u00cdTICAS P\u00daBLICAS 2020<\/h2>\n<ul>\n<li><a href=\"https:\/\/www.boe.es\/diario_boe\/txt.php?id=BOE-B-2020-13452\"><strong>Extracto de la Resoluci\u00f3n<\/strong> de 29 de abril de 2020 de la Entidad Estatal de Seguros Agrarios, O. A, por la que se convocan\u00a0<strong>subvenciones<\/strong>\u00a0destinadas a organizaciones profesionales agrarias y organizaciones de cooperativas de \u00e1mbito estatal para la realizaci\u00f3n de actuaciones de apoyo a los\u00a0<strong>seguros agrarios<\/strong>, con cargo a los Presupuestos para el Ejercicio 2020.\u00a0<\/a><\/li>\n<li><a href=\"https:\/\/www.boe.es\/diario_boe\/txt.php?id=BOE-B-2020-13453\"><strong>Extracto de la Resoluci\u00f3n<\/strong> de 29 de abril 2020 de la Entidad Estatal de Seguros Agrarios, O. A., por la que se convocan\u00a0<strong>subvenciones<\/strong>\u00a0a organizaciones profesionales agrarias y organizaciones de las\u00a0<strong>cooperativas agrarias<\/strong>\u00a0de \u00e1mbito estatal para el fomento de los\u00a0<strong>seguros agrarios<\/strong>, con cargo a los Presupuestos para el Ejercicio 2020.<\/a><\/li>\n<li><a href=\"https:\/\/www.euskadi.eus\/gobierno-vasco\/-\/eli\/es-pv\/o\/2020\/05\/20\/(4)\/dof\/spa\/html\/\"><strong>ORDEN<\/strong> de 20 de mayo de 2020, de la Consejera de Educaci\u00f3n, por la que se convocan ayudas destinadas a las cooperativas de ense\u00f1anza titulares de centros docentes de ense\u00f1anza no universitaria.<\/a><\/li>\n<li><a href=\"https:\/\/www.mapa.gob.es\/es\/agricultura\/temas\/medios-de-produccion\/maquinaria-agricola\/ayudas\/ayudas_renovacion_de_maquinaria\/default.aspx\"><strong>Extracto de la Orden<\/strong>, de 8 de junio, por la que se convocan las\u00a0<strong>ayudas<\/strong>\u00a0correspondientes al Plan de renovaci\u00f3n del Parque Nacional de Maquinaria Agraria (Plan Renove) para el ejercicio 2020.\u00a0<strong><em>Cooperativas agrarias y Sociedades Agrarias de Transformaci\u00f3n.<\/em><\/strong><\/a><\/li>\n<li><a href=\"https:\/\/www.boe.es\/buscar\/doc.php?id=BOE-B-2020-17402\"><strong>Extracto de la Orden<\/strong> de 11 de junio de 2020, por la que se convoca para el a\u00f1o 2020 la concesi\u00f3n de\u00a0<strong>subvenciones<\/strong>\u00a0al fomento del asociacionismo a\u00a0<strong>entidades asociativas representativas del sector pesquero<\/strong>.<\/a><\/li>\n<li><a href=\"https:\/\/www.legegunea.euskadi.eus\/x59-preview\/es\/contenidos\/orden\/bopv202002464\/es_def\/index.shtml\"><strong>Orden<\/strong> de 15 de junio de 2020, de la Consejera de Salud, de modificaci\u00f3n de la Orden de 10 de septiembre de 2019, por la que se regulan y se convocan\u00a0<strong>ayudas<\/strong>\u00a0dirigidas a\u00a0<strong>Asociaciones y Cooperativas<\/strong>, para el desarrollo de proyectos participativos orientados a promocionar la movilidad activa entre el alumnado de la Comunidad Aut\u00f3noma del Pa\u00eds Vasco, durante el curso escolar 2019-2020.<\/a><\/li>\n<li><a href=\"https:\/\/www.boe.es\/buscar\/doc.php?id=BOE-B-2020-19244\"><strong>Extracto de la Resoluci\u00f3n<\/strong> de 16 de junio 2020, por la que se convocan\u00a0<strong>subvenciones<\/strong>\u00a0para las\u00a0<strong>asociaciones de consumidores<\/strong>\u00a0y usuarios de \u00e1mbito estatal, para el ejercicio 2020.<\/a><\/li>\n<li><a href=\"https:\/\/www.boe.es\/diario_boe\/txt.php?id=BOE-B-2020-19408\"><strong>Extracto de la Resoluci\u00f3n<\/strong> de 22 de junio de 2020, de la Secretar\u00eda de Estado de Derechos Sociales, por la que se convocan\u00a0<strong>subvenciones<\/strong>\u00a0para la realizaci\u00f3n de\u00a0<strong>actividades de inter\u00e9s general<\/strong>\u00a0con cargo a la asignaci\u00f3n tributaria del Impuesto sobre la Renta de las Personas F\u00edsicas.<\/a><\/li>\n<li><a href=\"https:\/\/www.euskadi.eus\/y22-bopv\/es\/bopv2\/datos\/2020\/07\/2002631a.pdf\"><strong>ORDEN<\/strong> de 23 de junio de 2020, de la Consejera de Trabajo y Justicia, por la que se convocan y regulan las ayudas para la asistencia t\u00e9cnica en las Empresas de Econom\u00eda Social de la Comunidad Aut\u00f3noma del Pa\u00eds Vasco.<\/a><\/li>\n<li><a href=\"https:\/\/www.euskadi.eus\/y22-bopv\/es\/bopv2\/datos\/2020\/07\/2002700a.pdf\"><strong>ORDEN<\/strong> de 23 de junio de 2020, de la Consejera de Trabajo y Justicia, por la que se convocan y regulan las ayudas para emprender en econom\u00eda social, para la promoci\u00f3n territorial planificada de empresas de econom\u00eda social y para la consolidaci\u00f3n de empresas de econom\u00eda social afectadas por el COVID-19.<\/a><\/li>\n<li><a href=\"https:\/\/www.euskadi.eus\/gobierno-vasco\/-\/eli\/es-pv\/o\/2020\/07\/14\/(1)\/dof\/spa\/html\/\"><strong>ORDEN<\/strong> de 14 de julio de 2020, de la Consejera de Trabajo y Justicia, por las que se convocan y regulan las ayudas extraordinarias para las sociedades laborales y las cooperativas de trabajo asociado, peque\u00f1as, afectadas por la crisis generada por el COVID-19.\u00a0<\/a><\/li>\n<li><a href=\"https:\/\/www.euskadi.eus\/y22-bopv\/es\/bopv2\/datos\/2020\/08\/2003184a.pdf\"><strong>ORDEN<\/strong> de 14 de julio de 2020, de la Consejera de Trabajo y Justicia, por la que se convocan y regulan ayudas para la participaci\u00f3n efectiva de personas trabajadoras en empresas de Econom\u00eda Social.<\/a><\/li>\n<li><a href=\"https:\/\/www.euskadi.eus\/y22-bopv\/es\/bopv2\/datos\/2020\/08\/2003183a.pdf\"><strong>ORDEN<\/strong> de 14 de julio de 2020, de la Consejera de Trabajo y Justicia, por la que se convocan y regulan las ayudas para la intercooperaci\u00f3n empresarial en la Econom\u00eda Social<\/a><\/li>\n<li><a href=\"https:\/\/www.euskadi.eus\/y22-bopv\/es\/bopv2\/datos\/2020\/08\/2003224a.pdf\"><strong>ORDEN<\/strong> de 28 de julio de 2020, de la Consejera de Trabajo y Justicia, por la que se convocan y regulan ayudas para la Formaci\u00f3n en la Econom\u00eda Social<\/a><\/li>\n<li><a href=\"https:\/\/www.euskadi.eus\/y22-bopv\/es\/bopv2\/datos\/2020\/08\/2003266a.pdf\"><strong>ORDEN<\/strong> de 28 de julio de 2020, de la Consejera de Trabajo y Justicia, por la que se convocan y regulan ayudas para la incorporaci\u00f3n de personas socias a empresas de econom\u00eda social.<\/a><\/li>\n<li><a href=\"https:\/\/www.euskadi.eus\/y22-bopv\/es\/bopv2\/datos\/2020\/08\/2003267a.pdf\"><strong>ORDEN<\/strong> de 28 de julio de 2020, de la Consejera de Trabajo y Justicia, por la que se convocan y regulan ayudas dirigidas a la consolidaci\u00f3n de estructuras asociativas de las empresas y entidades de econom\u00eda social de la Comunidad Aut\u00f3noma de Euskadi.<\/a><\/li>\n<li><a href=\"https:\/\/www.euskadi.eus\/gobierno-vasco\/-\/eli\/es-pv\/o\/2020\/08\/04\/(4)\/dof\/spa\/html\/\"><strong>Orden<\/strong> de 4 de agosto de 2020, de la Consejera de Desarrollo Econ\u00f3mico e Infraestructuras, por la que se aprueban, para el a\u00f1o 2020, las bases de la convocatoria de las\u00a0<strong>ayudas\u00a0<\/strong>al sector pesquero y acu\u00edcola de la Comunidad Aut\u00f3noma del Pa\u00eds Vasco.<\/a><\/li>\n<\/ul>\n<h2>POL\u00cdTICAS P\u00daBLICAS 2019<\/h2>\n<ul>\n<li><a href=\"https:\/\/www.euskadi.eus\/bopv2\/datos\/2019\/04\/1901731a.pdf\"><strong>RESOLUCI\u00d3N<\/strong> de 1 de abril de 2019, del Director de Econom\u00eda Social, por la que se hace p\u00fablica la relaci\u00f3n de entidades beneficiarias de las ayudas previstas en la Orden de 29 de agosto de 2018, por la que se convocan y regulan ayudas para la Formaci\u00f3n en la Econom\u00eda Social.<\/a><\/li>\n<li><a href=\"https:\/\/www.euskadi.eus\/bopv2\/datos\/2019\/04\/1901775a.pdf\"><strong>RESOLUCI\u00d3N<\/strong> de 1 de abril de 2019, del Director de Econom\u00eda Social, por la que se hace p\u00fablica la relaci\u00f3n de entidades beneficiarias de las ayudas previstas en la Orden de 23 de octubre de 2018, por la que se convocan y regulan ayudas para la participaci\u00f3n efectiva de personas trabajadoras en empresas de Econom\u00eda Social.<\/a><\/li>\n<li><a href=\"https:\/\/www.euskadi.eus\/bopv2\/datos\/2019\/04\/1901873a.pdf\"><strong>RESOLUCI\u00d3N<\/strong> de 8 de abril de 2019, del Director de Econom\u00eda Social, por la que se hace p\u00fablica la relaci\u00f3n de entidades beneficiarias de las ayudas previstas en la Orden de 26 de julio de 2018, por la que se convocan y regulan las ayudas para la asistencia t\u00e9cnica en las Empresas de Econom\u00eda Social de la Comunidad Aut\u00f3noma del Pa\u00eds Vasco.<\/a><\/li>\n<li><a href=\"https:\/\/www.euskadi.eus\/bopv2\/datos\/2019\/04\/1901907a.pdf\"><strong>RESOLUCI\u00d3N<\/strong> de 8 de abril de 2019, del Director de Econom\u00eda Social, por la que se hace p\u00fablica la relaci\u00f3n de entidades beneficiarias de las ayudas previstas en la Orden de 26 de julio de 2018, por la que se convocan y regulan ayudas para la intercooperaci\u00f3n empresarial en la Econom\u00eda Social.<\/a><\/li>\n<li><a href=\"https:\/\/www.euskadi.eus\/bopv2\/datos\/2019\/04\/1901986a.pdf\"><strong>RESOLUCI\u00d3N<\/strong> de 9 de abril de 2019, del Director de Econom\u00eda Social, por la que se hace p\u00fablica la relaci\u00f3n de entidades beneficiarias de las ayudas previstas en la Orden de 3 de octubre de 2018, por la que se convocan y regulan ayudas para la difusi\u00f3n e implantaci\u00f3n de la Responsabilidad Social Empresarial en las empresas de la Comunidad Aut\u00f3noma del Pa\u00eds Vasco.<\/a><\/li>\n<li><a href=\"https:\/\/www.euskadi.eus\/bopv2\/datos\/2019\/04\/1902051a.pdf\"><strong>RESOLUCI\u00d3N<\/strong> de 15 de abril de 2019, del Director de Econom\u00eda Social, por la que se hace p\u00fablica la relaci\u00f3n de entidades beneficiarias de las ayudas previstas en la Orden de 18 de julio de 2018, por la que se convocan y regulan las ayudas para Emprender en Econom\u00eda Social y para la promoci\u00f3n territorial planificada de empresas de Econom\u00eda Social.<\/a><\/li>\n<li><a href=\"https:\/\/www.euskadi.eus\/bopv2\/datos\/2019\/04\/1902052a.pdf\"><strong>RESOLUCI\u00d3N<\/strong> de 15 de abril de 2019, del Director de Econom\u00eda Social, por la que se hace p\u00fablica la relaci\u00f3n de personas beneficiarias de las ayudas previstas en la Orden de 4 de julio de 2018, por la que se convocan y regulan las ayudas para la incorporaci\u00f3n de personas socias a empresas de econom\u00eda social.<\/a><\/li>\n<li><a href=\"https:\/\/www.euskadi.eus\/y22-bopv\/es\/bopv2\/datos\/2019\/05\/1902601a.pdf\">Orden de 19 de abril de 2019, de la Consejera de Educaci\u00f3n, por la que se convocan ayudas destinadas a las\u00a0<strong>cooperativas de ense\u00f1anza<\/strong>\u00a0titulares de centros docentes de ense\u00f1anza no universitaria.<\/a><\/li>\n<li><a href=\"http:\/\/www.euskadi.eus\/gobierno-vasco\/-\/eli\/es-pv\/o\/2019\/05\/28\/(2)\/dof\/spa\/html\/\"><strong>ORDEN<\/strong> de 28 de mayo de 2019, de la Consejera de Trabajo y Justicia, por la que se convocan y regulan ayudas para la Formaci\u00f3n en la Econom\u00eda Social.<\/a><\/li>\n<li><a href=\"https:\/\/www.iberley.es\/getpdf\/subvenciones\/26289715\/dnoxaWN2TkJHcVdzelJNOCt1VUc4UFVSWmdPQmN5V3FpU0R1Uys4QlFEV2ZWd0wzZ01LbE9ldTdmd0lsQkVMK1dUTS9kMkxkVHNWNjh6dDBxd2NFVnNYYVMrM0trckJzUjVvVEJBN1lUUmVLM21kVGI1VUN5dTZCZXdxay80cUc1ZktNYUY3MkJFa29SVDQ1dExQQVQ2OXRHKzdOTm5oWnlzN3FKWll1MEk4ZjVZUThFUjJiK2RGYXNrWVc0cGk5Rm9yRjVnVWI0bVpJUW1yNWw0SlU5QThwTmdMLzVINVJPZlV0RzR6WEpxdz0%253D\"><strong>Orden<\/strong> de 21 de mayo de 2019, de la Consejera de Salud, por la que se regulan y se convocan ayudas dirigidas a asociaciones de iniciativa social sin \u00e1nimo de lucro que est\u00e9n orientadas a la mejora de la calidad de vida de colectivos de personas enfermas del Pa\u00eds Vasco y sus familias.<\/a><\/li>\n<li><a href=\"https:\/\/www.euskadi.eus\/ayuda_subvencion\/2019\/calidad-de-vida\/web01-tramite\/es\/\"><strong>Convocatoria de ayudas<\/strong>\u00a0dirigidas a asociaciones y fundaciones para contribuir a la rehabilitaci\u00f3n y acondicionamiento de sus locales sociales as\u00ed como al equipamiento necesario para el desarrollo de sus actividades y\/o programas de car\u00e1cter social. Ejercicio 2019<\/a><\/li>\n<li><a href=\"https:\/\/www.euskadi.eus\/y22-bopv\/es\/bopv2\/datos\/2019\/06\/1902818a.pdf\"><strong>Orden<\/strong> de 4 de junio de 2019, de la Consejera de Trabajo y Justicia, por la que se convocan y regulan las ayudas para la\u00a0<strong>asistencia t\u00e9cnica en las Empresas de Econom\u00eda Social<\/strong>\u00a0de la Comunidad Aut\u00f3noma del Pa\u00eds Vasco.<\/a><\/li>\n<li><a href=\"https:\/\/www.euskadi.eus\/y22-bopv\/es\/bopv2\/datos\/2019\/06\/1902820a.pdf\"><strong>Orden<\/strong> de 4 de junio de 2019, de la Consejera de Trabajo y Justicia, por la que se convocan y regulan ayudas para la\u00a0<strong>participaci\u00f3n de personas trabajadoras en empresas<\/strong>.<\/a><\/li>\n<li><a href=\"https:\/\/www.euskadi.eus\/y22-bopv\/es\/bopv2\/datos\/2019\/06\/1902981a.pdf\"><strong>Orden<\/strong> de 11 de junio de 2019, de la Consejera de Trabajo y Justicia, por la que se convocan y regulan las ayudas para\u00a0<strong>emprender en econom\u00eda social<\/strong>\u00a0y para la promoci\u00f3n territorial planificada de empresas de econom\u00eda social.<\/a><\/li>\n<li><a href=\"https:\/\/www.euskadi.eus\/y22-bopv\/es\/bopv2\/datos\/2019\/06\/1902982a.pdf\"><strong>Orden<\/strong> de 11 de junio de 2019, de la Consejera de Trabajo y Justicia, por la que se convocan y regulan las ayudas para la\u00a0<strong>intercooperaci\u00f3n empresarial en la Econom\u00eda Social<\/strong>.<\/a><\/li>\n<li><a href=\"https:\/\/www.euskadi.eus\/y22-bopv\/es\/bopv2\/datos\/2019\/06\/1903110a.pdf\"><strong>Orden<\/strong> de 18 de junio de 2019, de la Consejera de Trabajo y Justicia, por la que se convocan y regulan ayudas para la\u00a0<strong>incorporaci\u00f3n de personas socias a empresas de econom\u00eda social<\/strong>.<\/a><\/li>\n<\/ul>\n<h2 class=\"h4\">POL\u00cdTICAS P\u00daBLICAS 2018<\/h2>\n<ul>\n<li><a href=\"https:\/\/www.boe.es\/boe\/dias\/2018\/03\/20\/pdfs\/BOE-A-2018-3857.pdf\"><strong>Resoluci\u00f3n<\/strong> de 15 de marzo de 2018, de la Secretar\u00eda de Estado de Empleo, por la que se publica el Acuerdo del Consejo de Ministros de 29 de diciembre de 2017, por el que se aprueba la Estrategia Espa\u00f1ola de Econom\u00eda Social 2017-2020.<\/a><\/li>\n<li><a href=\"https:\/\/www.boe.es\/boe\/dias\/2018\/04\/20\/pdfs\/BOE-A-2018-5426.pdf\"><strong>Resoluci\u00f3n<\/strong> de 16 de abril de 2018, por la que se abre la convocatoria para la concesi\u00f3n de <strong>subvenciones<\/strong> en los <strong>centros especiales de empleo<\/strong>, para el a\u00f1o 2018.<\/a><\/li>\n<li><a href=\"https:\/\/www.boe.es\/boe\/dias\/2018\/05\/10\/pdfs\/BOE-A-2018-6276.pdf\">Orden APM\/476\/2018, de 30 de abril, por la que se establecen las bases reguladoras para la concesi\u00f3n de <strong>subvenciones a entidades asociativas representativas del sector agrario y alimentario<\/strong>, por el desarrollo de actividades de colaboraci\u00f3n y representaci\u00f3n ante la Administraci\u00f3n General de Estado y la Uni\u00f3n Europea, as\u00ed como para la realizaci\u00f3n de actividades espec\u00edficas de especial inter\u00e9s para el sector agroalimentario espa\u00f1ol. <em>(De inter\u00e9s para las entidades agrarias de la econom\u00eda social)<\/em><\/a><\/li>\n<li><a href=\"http:\/\/www.euskadi.eus\/orden\/orden-de-18-de-julio-de-2018-de-la-consejera-de-trabajo-y-justicia-por-la-que-se-convocan-y-regulan-ayudas-dirigidas-a-la-consolidacion-de-estructuras-asociativas-de-las-empresas-y-entidades-de-economia-social-de-la-comunidad-autonoma-de-euskadi\/web01-s2lanju\/es\/\"><strong>ORDEN<\/strong> de 18 de julio de 2018, de la Consejera de Trabajo y Justicia, por la que se convocan y regulan ayudas dirigidas a la consolidaci\u00f3n de estructuras asociativas de las empresas y entidades de econom\u00eda social de la Comunidad Aut\u00f3noma de Euskadi<\/a><\/li>\n<li><a href=\"http:\/\/www.euskadi.eus\/orden\/orden-de-18-de-julio-de-2018-de-la-consejera-de-trabajo-y-justicia-por-la-que-se-convocan-y-regulan-las-ayudas-para-emprender-en-economia-social-y-para-la-promocion-territorial-planificada-de-empresas-de-economia-social\/web01-s2lanju\/es\/\"><strong>ORDEN<\/strong> de 18 de julio de 2018, de la Consejera de Trabajo y Justicia, por la que se convocan y regulan las ayudas para emprender en econom\u00eda social y para la promoci\u00f3n territorial planificada de empresas de econom\u00eda social.<\/a><\/li>\n<li><a href=\"http:\/\/www.euskadi.eus\/orden\/orden-de-26-de-julio-de-2018-de-la-consejera-de-trabajo-y-justicia-por-la-que-se-convocan-y-regulan-las-ayudas-para-la-asistencia-tecnica-en-las-empresas-de-economia-social-de-la-comunidad-autonoma-del-pais-vasco\/web01-s2lanju\/es\/\"><strong>ORDEN<\/strong> de 26 de julio de 2018, de la Consejera de Trabajo y Justicia, por la que se convocan y regulan las ayudas para la asistencia t\u00e9cnica en las Empresas de Econom\u00eda Social de la Comunidad Aut\u00f3noma del Pa\u00eds Vasco<\/a><\/li>\n<li><a href=\"http:\/\/www.euskadi.eus\/orden\/orden-de-26-de-julio-de-2018-de-la-consejera-de-trabajo-y-justicia-por-la-que-se-convocan-y-regulan-las-ayudas-para-la-intercooperacion-empresarial-en-la-economia-social\/web01-s2lanju\/es\/\"><strong>ORDEN<\/strong> de 26 de julio de 2018, de la Consejera de Trabajo y Justicia, por la que se convocan y regulan las ayudas para la intercooperaci\u00f3n empresarial en la Econom\u00eda Social<\/a><\/li>\n<li><a href=\"http:\/\/www.euskadi.eus\/orden\/orden-de-29-de-agosto-de-2018-de-la-consejera-de-trabajo-y-justicia-por-la-que-se-convocan-y-regulan-ayudas-para-la-formacion-en-la-economia-social\/web01-s2lanju\/es\/\"><strong>ORDEN<\/strong> de 29 de agosto de 2018, de la Consejera de Trabajo y Justicia, por la que se convocan y regulan ayudas para la Formaci\u00f3n en la Econom\u00eda Social<\/a><\/li>\n<li><a href=\"https:\/\/www.boe.es\/buscar\/doc.php?id=BOE-B-2018-47290\"><strong>Extracto de la Resoluci\u00f3n<\/strong> de 28 de septiembre de 2018, de la Direcci\u00f3n General del Trabajo Aut\u00f3nomo, de la Econom\u00eda Social y de la Responsabilidad Social de las Empresas, por la que se aprueba la convocatoria para la concesi\u00f3n de subvenciones a las actividades de promoci\u00f3n del trabajo aut\u00f3nomo, de la econom\u00eda social y de la responsabilidad social de las empresas y para sufragar los gastos de funcionamiento, para el a\u00f1o 2018.<\/a><\/li>\n<li><a href=\"http:\/\/www.euskadi.eus\/orden\/orden-de-23-de-octubre-de-2018-de-la-consejera-de-trabajo-y-justicia-por-la-que-se-convocan-y-regulan-ayudas-para-la-participacion-efectiva-de-personas-trabajadoras-en-empresas-de-economia-social\/web01-s2lanju\/es\/\"><strong>ORDEN<\/strong> de 23 de octubre de 2018, de la Consejera de Trabajo y Justicia, por la que se convocan y regulan ayudas para la participaci\u00f3n efectiva de personas trabajadoras en empresas de Econom\u00eda Social.<\/a><\/li>\n<\/ul>\n<h2 class=\"h4\">POL\u00cdTICAS P\u00daBLICAS CAPV 2017<\/h2>\n<ul>\n<li><a href=\"http:\/\/www.boe.es\/boe\/dias\/2017\/02\/23\/pdfs\/BOE-B-2017-11427.pdf\"><strong>Extracto de la Resoluci\u00f3n<\/strong> de 16 de febrero de 2017, del Fondo Espa\u00f1ol de Garant\u00eda Agraria, por la que se convocan <strong>ayudas<\/strong> para el apoyo a las acciones de <strong>formaci\u00f3n profesional y adquisici\u00f3n de competencias<\/strong> en el marco del Programa Nacional de Desarrollo Rural 2014-2020, para el fomento de la <strong>integraci\u00f3n de entidades asociativas agroalimentarias<\/strong> de car\u00e1cter supraauton\u00f3mico.<\/a><\/li>\n<li><a href=\"http:\/\/www.boe.es\/boe\/dias\/2017\/02\/23\/pdfs\/BOE-B-2017-11430.pdf\"><strong>Extracto de la Resoluci\u00f3n<\/strong> de 16 de febrero de 2017, del Fondo Espa\u00f1ol de Garant\u00eda Agraria, por la que se convocan <strong>ayudas<\/strong> a las actividades de demostraci\u00f3n y las <strong>acciones de informaci\u00f3n<\/strong>, en el marco del Programa Nacional de Desarrollo Rural 2014-2020, para el <strong>fomento de la integraci\u00f3n de entidades asociativas agroalimentarias<\/strong> de car\u00e1cter supraauton\u00f3mico.<\/a><\/li>\n<li><a href=\"http:\/\/www.boe.es\/boe\/dias\/2017\/02\/25\/pdfs\/BOE-B-2017-12214.pdf\"><strong>Extracto de la Resoluci\u00f3n<\/strong> de 20 de febrero de 2017, del Fondo Espa\u00f1ol de Garant\u00eda Agraria por la que se convocan <strong>ayudas<\/strong> a inversiones materiales o inmateriales en<strong> transformaci\u00f3n, comercializaci\u00f3n y desarrollo de productos agrarios<\/strong> en el marco del Programa Nacional de Desarrollo Rural 2014-2020 para el <strong>fomento de la integraci\u00f3n de entidades asociativas agroalimentarias<\/strong> de car\u00e1cter supraauton\u00f3mico.<\/a><\/li>\n<li><a href=\"https:\/\/www.euskadi.eus\/y22-bopv\/es\/bopv2\/datos\/2017\/03\/1701427a.pdf\"><strong>Orden<\/strong> de 1 de marzo de 2017, de la Consejera de Empleo y Pol\u00edticas Sociales, por la que efect\u00faa para el a\u00f1o 2017 la convocatoria prevista en el Decreto 271\/2012, de 4 de diciembre, por el que se regulan las <strong>subvenciones<\/strong> para el <strong>fomento de actividades del tercer sector en el \u00e1mbito de la intervenci\u00f3n social<\/strong> en el Pa\u00eds Vasco.<\/a><\/li>\n<li><a href=\"https:\/\/www.euskadi.eus\/y22-bopv\/es\/bopv2\/datos\/2017\/05\/1702314a.pdf\"><strong>Resoluci\u00f3n<\/strong> de 27 de abril de 2017, del Director General de Lanbide-Servicio Vasco de Empleo, por la que se procede a la publicaci\u00f3n del <strong>Acuerdo<\/strong> del Consejo de Administraci\u00f3n de Lanbide-Servicio Vasco de Empleo, por el que se <strong>asignan recursos econ\u00f3micos<\/strong> destinados a la financiaci\u00f3n, en el a\u00f1o 2017, de las ayudas previstas en la Orden del Ministerio de Trabajo y Asuntos Sociales de 16 de octubre de 1998, por la que se establecen las bases reguladoras para la concesi\u00f3n de las <strong>ayudas y subvenciones<\/strong> p\u00fablicas destinadas al <strong>fomento de la integraci\u00f3n laboral de las personas con discapacidad en centros especiales de empleo<\/strong>.<\/a><\/li>\n<li><a href=\"https:\/\/www.boe.es\/diario_boe\/txt.php?id=BOE-A-2017-7984\"><strong>Real Decreto<\/strong> 704\/2017, de 7 de julio, por el que se establecen las bases reguladoras para la concesi\u00f3n directa de las <strong>subvenciones estatales para la renovaci\u00f3n del parque nacional de maquinaria agraria<\/strong>.<\/a><\/li>\n<li><a href=\"https:\/\/www.boe.es\/diario_boe\/txt.php?id=BOE-B-2017-43168\"><strong>Extracto<\/strong> <strong>de la Resoluci\u00f3n<\/strong> de 5 de Julio de 2017, del Instituto de la Mujer y para la Igualdad de Oportunidades, por la que se convoca la concesi\u00f3n de <strong>subvenciones destinadas a apoyar al movimiento asociativo y fundacional<\/strong> de \u00e1mbito estatal 2017.<\/a><\/li>\n<li><a href=\"https:\/\/www.boe.es\/diario_boe\/txt.php?id=BOE-B-2017-44273\"><strong>Extracto de la Resoluci\u00f3n<\/strong> de 28 de junio de 2017, de la Entidad Estatal de Seguros Agrarios, por la que se convocan <strong>subvenciones<\/strong> a organizaciones profesionales y <strong>organizaciones de las cooperativas<\/strong> agrarias de \u00e1mbito estatal para el fomento de los <strong>seguros agrarios<\/strong> en el ejercicio 2017.<\/a><\/li>\n<li><a href=\"https:\/\/www.boe.es\/diario_boe\/txt.php?id=BOE-B-2017-44274\"><strong>Extracto de la Resoluci\u00f3n<\/strong> de 28 de junio de 2017, de la Entidad Estatal de Seguros Agrarios, por la que se convocan <strong>subvenciones<\/strong> destinadas a organizaciones profesionales agrarias y<strong> organizaciones de cooperativas<\/strong> de \u00e1mbito estatal para la realizaci\u00f3n de actuaciones de apoyo a los <strong>seguros<\/strong> agrarios para el ejercicio 2017.<\/a><\/li>\n<li><a href=\"https:\/\/www.boe.es\/diario_boe\/txt.php?id=BOE-A-2017-8621\"><strong>Real Decreto<\/strong> 729\/2017, de 21 de julio, por el que se establecen las bases reguladoras de la concesi\u00f3n de <strong>subvenciones para la realizaci\u00f3n de actividades de inter\u00e9s general<\/strong> con cargo a la asignaci\u00f3n tributaria del <strong>Impuesto sobre la Renta de las Personas F\u00edsicas<\/strong>, correspondientes a la Secretar\u00eda de Estado de Servicios Sociales e Igualdad.<\/a><\/li>\n<li><a href=\"http:\/\/www.euskadi.eus\/gobierno-vasco\/-\/resolucion\/resolucion-de-27-de-julio-de-2017-del-director-general-de-lanbide-servicio-vasco-de-empleo-por-la-que-se-procede-a-la-publicacion-de-la-convocatoria-para-el-ano-2017-de-ayudas-para-el-desarrollo-de-la-actividad-de-centros-de-empleo-en-colaboracion-con\/\"><strong>Resoluci\u00f3n<\/strong> de 27 de julio de 2017, del Director General de Lanbide-Servicio Vasco de Empleo, por la que se procede a la publicaci\u00f3n de la convocatoria para el a\u00f1o 2017 de <strong>ayudas para el desarrollo de la actividad de centros de empleo<\/strong>, en colaboraci\u00f3n con Lanbide-Servicio Vasco de Empleo.<\/a><\/li>\n<li><a href=\"\/wp-content\/uploads\/2018\/06\/Resolucixn_Convocatoria_2017_Firmada.pdf\"><strong>Resoluci\u00f3n de 5 de septiembre de 2017,<\/strong> de la Direcci\u00f3n General del Trabajo Aut\u00f3nomo, de la Econom\u00eda Social y de la Responsabilidad Social de las empresas, por la que se aprueba la convocatoria para la concesi\u00f3n de subvenciones a las actividades de promoci\u00f3n del trabajo aut\u00f3nomo, de la econom\u00eda social y de la responsabilidad social de las empresas.<\/a><\/li>\n<\/ul>\n","protected":false},"excerpt":{"rendered":"<p>POL\u00cdTICAS P\u00daBLICAS 2024 ORDEN de 19 de junio de 2024, del Consejero de Turismo, Comercio y Consumo, por la que se aprueban las bases para la convocatoria de ayudas para la Formaci\u00f3n en la Econom\u00eda Social, y se efect\u00faa su convocatoria para el a\u00f1o 2024.\u00a02024\/03176 ORDEN de 19 de junio de 2024, del Consejero de &hellip; <a href=\"https:\/\/oves-geeb.eus\/es\/actividades\/area-juridico-politica\/politicas-publicas\/\">Continuar leyendo<\/a><\/p>\n","protected":false},"author":1,"featured_media":0,"parent":9026,"menu_order":0,"comment_status":"closed","ping_status":"closed","template":"","meta":{"footnotes":""},"class_list":["post-9038","page","type-page","status-publish","hentry"],"acf":[],"_links":{"self":[{"href":"https:\/\/oves-geeb.eus\/es\/wp-json\/wp\/v2\/pages\/9038","targetHints":{"allow":["GET"]}}],"collection":[{"href":"https:\/\/oves-geeb.eus\/es\/wp-json\/wp\/v2\/pages"}],"about":[{"href":"https:\/\/oves-geeb.eus\/es\/wp-json\/wp\/v2\/types\/page"}],"author":[{"embeddable":true,"href":"https:\/\/oves-geeb.eus\/es\/wp-json\/wp\/v2\/users\/1"}],"replies":[{"embeddable":true,"href":"https:\/\/oves-geeb.eus\/es\/wp-json\/wp\/v2\/comments?post=9038"}],"version-history":[{"count":17,"href":"https:\/\/oves-geeb.eus\/es\/wp-json\/wp\/v2\/pages\/9038\/revisions"}],"predecessor-version":[{"id":16767,"href":"https:\/\/oves-geeb.eus\/es\/wp-json\/wp\/v2\/pages\/9038\/revisions\/16767"}],"up":[{"embeddable":true,"href":"https:\/\/oves-geeb.eus\/es\/wp-json\/wp\/v2\/pages\/9026"}],"wp:attachment":[{"href":"https:\/\/oves-geeb.eus\/es\/wp-json\/wp\/v2\/media?parent=9038"}],"curies":[{"name":"wp","href":"https:\/\/api.w.org\/{rel}","templated":true}]}}